{"id":240,"date":"2018-09-29T09:47:37","date_gmt":"2018-09-29T09:47:37","guid":{"rendered":"http:\/\/www.culturalusa.info\/videos\/?page_id=240"},"modified":"2024-09-16T14:56:29","modified_gmt":"2024-09-16T14:56:29","slug":"estacao-espacial-internacional","status":"publish","type":"page","link":"https:\/\/www.culturalusa.info\/videos\/","title":{"rendered":"Bal\u00e9 Espacial a bordo da Esta\u00e7\u00e3o Espacial Internacional"},"content":{"rendered":"<p><iframe loading=\"lazy\" src=\"\/\/www.youtube.com\/embed\/WQX_8evS15k?rel=0\" width=\"100%\" height=\"500\" frameborder=\"0\" allowfullscreen=\"allowfullscreen\"><\/iframe><br \/><strong>Universo 3D &#8211; Bal\u00e9 Espacial<\/strong><br \/>Uma pequena viagem a bordo da Esta\u00e7\u00e3o Espacial Internacional a 350 km da superf\u00edcie terrestre. Para ser visto em pleno ecr\u00e3 e com o som no m\u00e1ximo. M\u00fasica: Adagio in D Minor (John Murphy) &#8211; do filme &#8220;Sunshine &#8211; Alerta Solar&#8221;<\/p>\n<div class=\"wp-block-columns has-2-columns\">\n<div class=\"wp-block-column\" style=\"margin-right: 17px;\">\n<div class=\"box-rev\"><div class=\"feedzy-eedab21f3fe98184c6b7c935e9d0756c feedzy-rss\"><ul><li  style=\"padding: 15px 0 25px\" class=\"rss_item\"><div class=\"rss_image\" style=\"width:150px; height:150px;\"><a href=\"https:\/\/www.culturalusa.net\/news\/noticias\/astronauta-em-orbita-deixou-de-conseguir-falar-nasa-nao-sabe-motivo\/\" target=\"_parent\" rel=\" noopener\" title=\"Astronauta em \u00f3rbita deixou de conseguir falar. NASA n\u00e3o sabe motivo.\" style=\"width:150px; height:150px;\"><span class=\"fetched\" style=\"background-image:  url('https:\/\/www.culturalusa.net\/news\/wp-content\/uploads\/2026\/03\/Astronauta-em-orbita-deixou-de-conseguir-falar-150x150.jpg');\" title=\"Astronauta em \u00f3rbita deixou de conseguir falar. NASA n\u00e3o sabe motivo.\"><\/span><amp-img width=\"150\" height=\"150\" src=\"https:\/\/www.culturalusa.net\/news\/wp-content\/uploads\/2026\/03\/Astronauta-em-orbita-deixou-de-conseguir-falar-150x150.jpg\"><\/a><\/div><span class=\"title\"><a href=\"https:\/\/www.culturalusa.net\/news\/noticias\/astronauta-em-orbita-deixou-de-conseguir-falar-nasa-nao-sabe-motivo\/\" target=\"_parent\" rel=\" noopener\">Astronauta em \u00f3rbita deixou de conseguir falar. NASA n\u00e3o sabe motivo.<\/a><\/span><div class=\"rss_content\" style=\"\"><p>O astronauta Mike Fincke enfrentou problemas de sa\u00fade quando estava a bordo da Esta\u00e7\u00e3o Espacial Internacional, obrigando ao regresso antecipado de toda a tripula\u00e7\u00e3o \u00e0 Terra \u2013 a primeira vez na hist\u00f3ria da estrutura. A NASA ainda est\u00e1 a investigar a causa do [&hellip;]<\/p><\/div><\/li><li  style=\"padding: 15px 0 25px\" class=\"rss_item\"><div class=\"rss_image\" style=\"width:150px; height:150px;\"><a href=\"https:\/\/www.culturalusa.net\/news\/portugal\/acores-lancam-app-para-visitas-nos-centros-ambientais-e-parques-naturais\/\" target=\"_parent\" rel=\" noopener\" title=\"A\u00e7ores lan\u00e7am app para visitas nos centros ambientais e parques naturais\" style=\"width:150px; height:150px;\"><span class=\"fetched\" style=\"background-image:  url('https:\/\/www.culturalusa.net\/news\/wp-content\/uploads\/2026\/03\/Acores-lancam-app-150x150.webp');\" title=\"A\u00e7ores lan\u00e7am app para visitas nos centros ambientais e parques naturais\"><\/span><amp-img width=\"150\" height=\"150\" src=\"https:\/\/www.culturalusa.net\/news\/wp-content\/uploads\/2026\/03\/Acores-lancam-app-150x150.webp\"><\/a><\/div><span class=\"title\"><a href=\"https:\/\/www.culturalusa.net\/news\/portugal\/acores-lancam-app-para-visitas-nos-centros-ambientais-e-parques-naturais\/\" target=\"_parent\" rel=\" noopener\">A\u00e7ores lan\u00e7am app para visitas nos centros ambientais e parques naturais<\/a><\/span><div class=\"rss_content\" style=\"\"><p>A\u00e7ores lan\u00e7am app para visitas nos centros ambientais e parques naturais O Governo Regional lan\u00e7ou uma aplica\u00e7\u00e3o m\u00f3vel para os parques naturais dos A\u00e7ores e o projeto de visita\u00e7\u00e3o aut\u00f3noma dos centros ambientais, numa iniciativa que pretende tornar as visitas mais [&hellip;]<\/p><\/div><\/li><li  style=\"padding: 15px 0 25px\" class=\"rss_item\"><div class=\"rss_image\" style=\"width:150px; height:150px;\"><a href=\"https:\/\/www.culturalusa.net\/news\/noticias\/a-igreja-catolica-avanca-com-compensacoes-a-vitimas-de-abusos-nao-apaga-a-dor\/\" target=\"_parent\" rel=\" noopener\" title=\"A Igreja Cat\u00f3lica avan\u00e7a com compensa\u00e7\u00f5es a v\u00edtimas de abusos. \u201cN\u00e3o apaga a dor\u201d\" style=\"width:150px; height:150px;\"><span class=\"fetched\" style=\"background-image:  url('https:\/\/www.culturalusa.net\/news\/wp-content\/uploads\/2026\/03\/naom_56cb01754a727-150x150.webp');\" title=\"A Igreja Cat\u00f3lica avan\u00e7a com compensa\u00e7\u00f5es a v\u00edtimas de abusos. \u201cN\u00e3o apaga a dor\u201d\"><\/span><amp-img width=\"150\" height=\"150\" src=\"https:\/\/www.culturalusa.net\/news\/wp-content\/uploads\/2026\/03\/naom_56cb01754a727-150x150.webp\"><\/a><\/div><span class=\"title\"><a href=\"https:\/\/www.culturalusa.net\/news\/noticias\/a-igreja-catolica-avanca-com-compensacoes-a-vitimas-de-abusos-nao-apaga-a-dor\/\" target=\"_parent\" rel=\" noopener\">A Igreja Cat\u00f3lica avan\u00e7a com compensa\u00e7\u00f5es a v\u00edtimas de abusos. \u201cN\u00e3o apaga a dor\u201d<\/a><\/span><div class=\"rss_content\" style=\"\"><p>A Igreja Cat\u00f3lica portuguesa j\u00e1 definiu as compensa\u00e7\u00f5es financeiras a pagar \u00e0s v\u00edtimas de abuso sexual e as propostas ser\u00e3o apresentadas aos queixosos, anunciou hoje o conselho permanente da Confer\u00eancia Episcopal. A Igreja Cat\u00f3lica portuguesa j\u00e1 definiu as [&hellip;]<\/p><\/div><\/li><li  style=\"padding: 15px 0 25px\" class=\"rss_item\"><div class=\"rss_image\" style=\"width:150px; height:150px;\"><a href=\"https:\/\/www.culturalusa.net\/news\/portugal\/marques-corrupcao-jose-socrates-tribunal-marca-audicao-de-gravacoes-para-julgamento-continuar\/\" target=\"_parent\" rel=\" noopener\" title=\"Marqu\u00eas Corrup\u00e7\u00e3o Jos\u00e9 S\u00f3crates: Tribunal marca audi\u00e7\u00e3o de grava\u00e7\u00f5es para julgamento continuar.\" style=\"width:150px; height:150px;\"><span class=\"fetched\" style=\"background-image:  url('https:\/\/www.culturalusa.net\/news\/wp-content\/uploads\/2026\/03\/Corrupcao-Jose-Socrates-150x150.jpg');\" title=\"Marqu\u00eas Corrup\u00e7\u00e3o Jos\u00e9 S\u00f3crates: Tribunal marca audi\u00e7\u00e3o de grava\u00e7\u00f5es para julgamento continuar.\"><\/span><amp-img width=\"150\" height=\"150\" src=\"https:\/\/www.culturalusa.net\/news\/wp-content\/uploads\/2026\/03\/Corrupcao-Jose-Socrates-150x150.jpg\"><\/a><\/div><span class=\"title\"><a href=\"https:\/\/www.culturalusa.net\/news\/portugal\/marques-corrupcao-jose-socrates-tribunal-marca-audicao-de-gravacoes-para-julgamento-continuar\/\" target=\"_parent\" rel=\" noopener\">Marqu\u00eas Corrup\u00e7\u00e3o Jos\u00e9 S\u00f3crates: Tribunal marca audi\u00e7\u00e3o de grava\u00e7\u00f5es para julgamento continuar.<\/a><\/span><div class=\"rss_content\" style=\"\"><p>O tribunal que est\u00e1 a julgar Jos\u00e9 S\u00f3crates agendou para as pr\u00f3ximas 20 sess\u00f5es a audi\u00e7\u00e3o de declara\u00e7\u00f5es gravadas, para que futuros advogados do antigo primeiro-ministro tenham tempo para preparar a defesa, sem interromper o julgamento. Segundo um despacho proferido [&hellip;]<\/p><\/div><\/li><li  style=\"padding: 15px 0 25px\" class=\"rss_item\"><div class=\"rss_image\" style=\"width:150px; height:150px;\"><a href=\"https:\/\/www.culturalusa.net\/news\/noticias\/medio-oriente-quero-ser-muito-claro-franca-nao-faz-parte-desta-guerra\/\" target=\"_parent\" rel=\" noopener\" title=\"M\u00e9dio Oriente. Quero ser muito claro: Fran\u00e7a n\u00e3o faz parte desta guerra!\" style=\"width:150px; height:150px;\"><span class=\"fetched\" style=\"background-image:  url('https:\/\/www.culturalusa.net\/news\/wp-content\/uploads\/2026\/03\/Franca-nao-faz-parte-desta-guerra-150x150.jpg');\" title=\"M\u00e9dio Oriente. Quero ser muito claro: Fran\u00e7a n\u00e3o faz parte desta guerra!\"><\/span><amp-img width=\"150\" height=\"150\" src=\"https:\/\/www.culturalusa.net\/news\/wp-content\/uploads\/2026\/03\/Franca-nao-faz-parte-desta-guerra-150x150.jpg\"><\/a><\/div><span class=\"title\"><a href=\"https:\/\/www.culturalusa.net\/news\/noticias\/medio-oriente-quero-ser-muito-claro-franca-nao-faz-parte-desta-guerra\/\" target=\"_parent\" rel=\" noopener\">M\u00e9dio Oriente. Quero ser muito claro: Fran\u00e7a n\u00e3o faz parte desta guerra!<\/a><\/span><div class=\"rss_content\" style=\"\"><p>O Presidente franc\u00eas, Emmanuel Macron, garantiu hoje numa sess\u00e3o de perguntas e respostas com internautas no Instagram, que a Fran\u00e7a n\u00e3o vai participar na guerra contra o Ir\u00e3o, no M\u00e9dio Oriente. \u201cPercebo perfeitamente e compreendo as suas preocupa\u00e7\u00f5es, mas quero [&hellip;]<\/p><\/div><\/li><\/ul> <\/div><style type=\"text\/css\" media=\"all\">.feedzy-rss .rss_item .rss_image{float:left;position:relative;border:none;text-decoration:none;max-width:100%}.feedzy-rss .rss_item .rss_image span{display:inline-block;position:absolute;width:100%;height:100%;background-position:50%;background-size:cover}.feedzy-rss .rss_item .rss_image{margin:.3em 1em 0 0;content-visibility:auto}.feedzy-rss ul{list-style:none}.feedzy-rss ul li{display:inline-block}<\/style><\/div>\n<div class=\"box-rev\"><div class=\"feedzy-1816639ba8adeac5e4fa5940c44cb637 feedzy-rss\"><ul><li  style=\"padding: 15px 0 25px\" class=\"rss_item\"><div class=\"rss_image\" style=\"width:150px; height:150px;\"><a href=\"https:\/\/www.culturalusa.net\/news\/bem-estar-saude\/7-beneficios-de-caminhar-a-beira-mar-faz-bem-a-mente-e-muito-mais\/\" target=\"_parent\" rel=\" noopener\" title=\"7 benef\u00edcios de caminhar \u00e0 beira-mar.  Faz bem \u00e0 mente e muito mais.\" style=\"width:150px; height:150px;\"><span class=\"fetched\" style=\"background-image:  url('https:\/\/www.culturalusa.net\/news\/wp-content\/uploads\/2025\/11\/beneficios-de-caminhar-a-beira-mar-150x150.jpg');\" title=\"7 benef\u00edcios de caminhar \u00e0 beira-mar.  Faz bem \u00e0 mente e muito mais.\"><\/span><amp-img width=\"150\" height=\"150\" src=\"https:\/\/www.culturalusa.net\/news\/wp-content\/uploads\/2025\/11\/beneficios-de-caminhar-a-beira-mar-150x150.jpg\"><\/a><\/div><span class=\"title\"><a href=\"https:\/\/www.culturalusa.net\/news\/bem-estar-saude\/7-beneficios-de-caminhar-a-beira-mar-faz-bem-a-mente-e-muito-mais\/\" target=\"_parent\" rel=\" noopener\">7 benef\u00edcios de caminhar \u00e0 beira-mar.  Faz bem \u00e0 mente e muito mais.<\/a><\/span><div class=\"rss_content\" style=\"\"><p>A prop\u00f3sito da data destacamos 7 benef\u00edcios que caminhar \u00e0 beira-mar traz tanto para a mente, como para o corpo. Fique a conhecer benef\u00edcios de fazer caminhadas \u00e0 beira-mar revelados pela neurocientista Rachel Taylor ao website. 1.Melhora o funcionamento do c\u00e9rebro [&hellip;]<\/p><\/div><\/li><li  style=\"padding: 15px 0 25px\" class=\"rss_item\"><div class=\"rss_image\" style=\"width:150px; height:150px;\"><a href=\"https:\/\/www.culturalusa.net\/news\/bem-estar-saude\/caminhar-na-natureza-eis-nove-beneficios-para-a-sua-saude\/\" target=\"_parent\" rel=\" noopener\" title=\"Caminhar na natureza. Eis nove benef\u00edcios para a sua Sa\u00fade\" style=\"width:150px; height:150px;\"><span class=\"fetched\" style=\"background-image:  url('https:\/\/www.culturalusa.net\/news\/wp-content\/uploads\/2025\/07\/Caminhar-na-natureza-150x150.jpg');\" title=\"Caminhar na natureza. Eis nove benef\u00edcios para a sua Sa\u00fade\"><\/span><amp-img width=\"150\" height=\"150\" src=\"https:\/\/www.culturalusa.net\/news\/wp-content\/uploads\/2025\/07\/Caminhar-na-natureza-150x150.jpg\"><\/a><\/div><span class=\"title\"><a href=\"https:\/\/www.culturalusa.net\/news\/bem-estar-saude\/caminhar-na-natureza-eis-nove-beneficios-para-a-sua-saude\/\" target=\"_parent\" rel=\" noopener\">Caminhar na natureza. Eis nove benef\u00edcios para a sua Sa\u00fade<\/a><\/span><div class=\"rss_content\" style=\"\"><p>Todos sabemos que caminhar pode ser extremamente ben\u00e9fico para a sa\u00fade. Segundo o The New York Times, caminhar em sil\u00eancio \u00e9 uma tradi\u00e7\u00e3o antiga com ra\u00edzes na aten\u00e7\u00e3o plena. Existem muitas maneiras de caminhar, mas qual ser\u00e1 a mais eficaz ? Um crescente conjunto [&hellip;]<\/p><\/div><\/li><li  style=\"padding: 15px 0 25px\" class=\"rss_item\"><div class=\"rss_image\" style=\"width:150px; height:150px;\"><a href=\"https:\/\/www.culturalusa.net\/news\/bem-estar-saude\/oito-habitos-saudaveis-que-podem-encurtar-a-sua-expectativa-de-vida\/\" target=\"_parent\" rel=\" noopener\" title=\"Oito h\u00e1bitos \u2018saud\u00e1veis\u2019 que podem encurtar a sua expectativa de vida\" style=\"width:150px; height:150px;\"><span class=\"fetched\" style=\"background-image:  url('https:\/\/www.culturalusa.net\/news\/wp-content\/uploads\/2025\/06\/saude-e-bem-estar-150x150.jpg');\" title=\"Oito h\u00e1bitos \u2018saud\u00e1veis\u2019 que podem encurtar a sua expectativa de vida\"><\/span><amp-img width=\"150\" height=\"150\" src=\"https:\/\/www.culturalusa.net\/news\/wp-content\/uploads\/2025\/06\/saude-e-bem-estar-150x150.jpg\"><\/a><\/div><span class=\"title\"><a href=\"https:\/\/www.culturalusa.net\/news\/bem-estar-saude\/oito-habitos-saudaveis-que-podem-encurtar-a-sua-expectativa-de-vida\/\" target=\"_parent\" rel=\" noopener\">Oito h\u00e1bitos \u2018saud\u00e1veis\u2019 que podem encurtar a sua expectativa de vida<\/a><\/span><div class=\"rss_content\" style=\"\"><p>Exagerar nestes comportamentos comuns pode estar a sabotar a sua sa\u00fade e bem-estar. Frequentemente, concentramo-nos em praticar h\u00e1bitos saud\u00e1veis \u200b\u200bpara aumentar a longevidade, mas mesmo comportamentos bem-intencionados podem sair pela culatra quando levados longe [&hellip;]<\/p><\/div><\/li><li  style=\"padding: 15px 0 25px\" class=\"rss_item\"><div class=\"rss_image\" style=\"width:150px; height:150px;\"><a href=\"https:\/\/www.culturalusa.net\/news\/bem-estar-saude\/baixe-o-colesterol-com-chocolate-negro-e-frutos-secos\/\" target=\"_parent\" rel=\" noopener\" title=\"Baixe o colesterol com Chocolate negro e Frutos secos\" style=\"width:150px; height:150px;\"><span class=\"fetched\" style=\"background-image:  url('https:\/\/www.culturalusa.net\/news\/wp-content\/uploads\/2025\/06\/Baixe-o-colesterol-150x150.jpg');\" title=\"Baixe o colesterol com Chocolate negro e Frutos secos\"><\/span><amp-img width=\"150\" height=\"150\" src=\"https:\/\/www.culturalusa.net\/news\/wp-content\/uploads\/2025\/06\/Baixe-o-colesterol-150x150.jpg\"><\/a><\/div><span class=\"title\"><a href=\"https:\/\/www.culturalusa.net\/news\/bem-estar-saude\/baixe-o-colesterol-com-chocolate-negro-e-frutos-secos\/\" target=\"_parent\" rel=\" noopener\">Baixe o colesterol com Chocolate negro e Frutos secos<\/a><\/span><div class=\"rss_content\" style=\"\"><p>Colesterol. Dietista revela o que tem de melhorar na sua alimenta\u00e7\u00e3o para ver resultados em pouco tempo. O colesterol alto pode ser respons\u00e1vel por diversos problemas cardiovasculares, por exemplo. \u00c9 importante ter os n\u00edveis controlados e existem dois alimentos em que [&hellip;]<\/p><\/div><\/li><li  style=\"padding: 15px 0 25px\" class=\"rss_item\"><div class=\"rss_image\" style=\"width:150px; height:150px;\"><a href=\"https:\/\/www.culturalusa.net\/news\/bem-estar-saude\/o-que-acontece-ao-corpo-se-comer-morangos-todos-os-dias\/\" target=\"_parent\" rel=\" noopener\" title=\"O que acontece ao corpo se comer morangos todos os dias\" style=\"width:150px; height:150px;\"><span class=\"fetched\" style=\"background-image:  url('https:\/\/www.culturalusa.net\/news\/wp-content\/uploads\/2025\/05\/comer-morangos-150x150.jpg');\" title=\"O que acontece ao corpo se comer morangos todos os dias\"><\/span><amp-img width=\"150\" height=\"150\" src=\"https:\/\/www.culturalusa.net\/news\/wp-content\/uploads\/2025\/05\/comer-morangos-150x150.jpg\"><\/a><\/div><span class=\"title\"><a href=\"https:\/\/www.culturalusa.net\/news\/bem-estar-saude\/o-que-acontece-ao-corpo-se-comer-morangos-todos-os-dias\/\" target=\"_parent\" rel=\" noopener\">O que acontece ao corpo se comer morangos todos os dias<\/a><\/span><div class=\"rss_content\" style=\"\"><p>Estamos em plena \u00e9poca de morangos e, certamente, os tem visto por todo o lado. Num artigo publicado no site Parade, a dietista Jessica McAllister responde \u00e0 quest\u00e3o. Num artigo publicado no site Parade, a dietista Jessica McAllister responde a uma quest\u00e3o: o que [&hellip;]<\/p><\/div><\/li><li  style=\"padding: 15px 0 25px\" class=\"rss_item\"><div class=\"rss_image\" style=\"width:150px; height:150px;\"><a href=\"https:\/\/www.culturalusa.net\/news\/bem-estar-saude\/os-perigos-serios-do-consumo-de-alimentos-ultraprocessados\/\" target=\"_parent\" rel=\" noopener\" title=\"Os perigos s\u00e9rios do consumo de alimentos ultraprocessados\" style=\"width:150px; height:150px;\"><span class=\"fetched\" style=\"background-image:  url('https:\/\/www.culturalusa.net\/news\/wp-content\/uploads\/2025\/05\/consumo-de-alimentos-ultraprocessados-150x150.jpg');\" title=\"Os perigos s\u00e9rios do consumo de alimentos ultraprocessados\"><\/span><amp-img width=\"150\" height=\"150\" src=\"https:\/\/www.culturalusa.net\/news\/wp-content\/uploads\/2025\/05\/consumo-de-alimentos-ultraprocessados-150x150.jpg\"><\/a><\/div><span class=\"title\"><a href=\"https:\/\/www.culturalusa.net\/news\/bem-estar-saude\/os-perigos-serios-do-consumo-de-alimentos-ultraprocessados\/\" target=\"_parent\" rel=\" noopener\">Os perigos s\u00e9rios do consumo de alimentos ultraprocessados<\/a><\/span><div class=\"rss_content\" style=\"\"><p>Os perigos s\u00e9rios do consumo de alimentos ultraprocessados O consumo de alimentos ultraprocessados, como refrigerantes, batatas fritas ou bolachas, podem estar associados a problemas graves de sa\u00fade, de acordo com uma investiga\u00e7\u00e3o que ser\u00e1 apresentada na \u2018ACC Asia [&hellip;]<\/p><\/div><\/li><li  style=\"padding: 15px 0 25px\" class=\"rss_item\"><div class=\"rss_image\" style=\"width:150px; height:150px;\"><a href=\"https:\/\/www.culturalusa.net\/news\/bem-estar-saude\/bem-estar-coma-esta-fruta-todos-os-dias-e-reduza-o-risco-de-depressao\/\" target=\"_parent\" rel=\" noopener\" title=\"Bem-estar:  Coma esta fruta todos os dias e reduza o risco de depress\u00e3o\" style=\"width:150px; height:150px;\"><span class=\"fetched\" style=\"background-image:  url('https:\/\/www.culturalusa.net\/news\/wp-content\/uploads\/2025\/05\/razoes-para-comer-frutas-todos-os-dias-150x150.png');\" title=\"Bem-estar:  Coma esta fruta todos os dias e reduza o risco de depress\u00e3o\"><\/span><amp-img width=\"150\" height=\"150\" src=\"https:\/\/www.culturalusa.net\/news\/wp-content\/uploads\/2025\/05\/razoes-para-comer-frutas-todos-os-dias-150x150.png\"><\/a><\/div><span class=\"title\"><a href=\"https:\/\/www.culturalusa.net\/news\/bem-estar-saude\/bem-estar-coma-esta-fruta-todos-os-dias-e-reduza-o-risco-de-depressao\/\" target=\"_parent\" rel=\" noopener\">Bem-estar:  Coma esta fruta todos os dias e reduza o risco de depress\u00e3o<\/a><\/span><div class=\"rss_content\" style=\"\"><p>Estudo mostra a importante rela\u00e7\u00e3o entre a sa\u00fade intestinal e a sa\u00fade mental. H\u00e1 um velho ditado que diz que uma ma\u00e7\u00e3 por dia mant\u00e9m o m\u00e9dico longe. Por\u00e9m, novas descobertas referem que h\u00e1 uma outra fruta que pode manter a tristeza longe. Um estudo recente, [&hellip;]<\/p><\/div><\/li><\/ul> <\/div><style type=\"text\/css\" media=\"all\">.feedzy-rss .rss_item .rss_image{float:left;position:relative;border:none;text-decoration:none;max-width:100%}.feedzy-rss .rss_item .rss_image span{display:inline-block;position:absolute;width:100%;height:100%;background-position:50%;background-size:cover}.feedzy-rss .rss_item .rss_image{margin:.3em 1em 0 0;content-visibility:auto}.feedzy-rss ul{list-style:none}.feedzy-rss ul li{display:inline-block}<\/style><\/div>\n<\/div>\n<div class=\"wp-block-column\">\n<div class=\"box-rev\"><div class=\"feedzy-4e836bcab107156f1b1ec1cef636ba2c feedzy-rss\"><ul>O feed n\u00e3o possui itens.<\/ul> <\/div><\/div>\n<div class=\"box-rev\"><div class=\"feedzy-0fcffb7586815568b0b59cea5aa82495 feedzy-rss\"><ul><li  style=\"padding: 15px 0 25px\" class=\"rss_item\"><div class=\"rss_image\" style=\"width:150px; height:150px;\"><a href=\"https:\/\/expresso.pt\/blitz\/2026-04-29-42.-jazz-em-agosto-ja-tem-programa-de-joachim-kuhn-aos-sml-gulbenkian-anuncia-14-concertos-aa2108ad\" target=\"_blank\" rel=\" noopener\" title=\"42.\u00ba Jazz em Agosto j\u00e1 tem programa: de Joachim K\u00fchn aos SML, Gulbenkian anuncia 14 concertos\" style=\"width:150px; height:150px;\"><span class=\"fetched\" style=\"background-image:  url('https:\/\/images.impresa.pt\/expresso\/2026-04-28-joachim_kuhn_by_act_tibor_bozi_01_4x3.jpg-41e55f5e\/1.91x1\/mw-1200?outputFormat=jpeg');\" title=\"42.\u00ba Jazz em Agosto j\u00e1 tem programa: de Joachim K\u00fchn aos SML, Gulbenkian anuncia 14 concertos\"><\/span><amp-img width=\"150\" height=\"150\" src=\"https:\/\/images.impresa.pt\/expresso\/2026-04-28-joachim_kuhn_by_act_tibor_bozi_01_4x3.jpg-41e55f5e\/1.91x1\/mw-1200?outputFormat=jpeg\"><\/a><\/div><span class=\"title\"><a href=\"https:\/\/expresso.pt\/blitz\/2026-04-29-42.-jazz-em-agosto-ja-tem-programa-de-joachim-kuhn-aos-sml-gulbenkian-anuncia-14-concertos-aa2108ad\" target=\"_blank\" rel=\" noopener\">42.\u00ba Jazz em Agosto j\u00e1 tem programa: de Joachim K\u00fchn aos SML, Gulbenkian anuncia 14 concertos<\/a><\/span><div class=\"rss_content\" style=\"\"><p>O mais antigo festival de Jazz do pa\u00eds confirma a sua veia aventureira com programa diverso para um agosto quente em Lisboa<\/p><\/div><\/li><li  style=\"padding: 15px 0 25px\" class=\"rss_item\"><div class=\"rss_image\" style=\"width:150px; height:150px;\"><a href=\"https:\/\/expresso.pt\/medio-oriente\/conflito\/2026-04-28-ataques-israelitas-no-libano-fazem-oito-mortos-incluindo-tres-socorristas-999880b5\" target=\"_blank\" rel=\" noopener\" title=\"Ataques israelitas no L\u00edbano fazem oito mortos incluindo tr\u00eas socorristas\" style=\"width:150px; height:150px;\"><span class=\"fetched\" style=\"background-image:  url('https:\/\/images.impresa.pt\/expresso\/2026-04-28-nabatieh12.jpeg-3c5ffc1f\/1.91x1\/mw-1200?outputFormat=jpeg');\" title=\"Ataques israelitas no L\u00edbano fazem oito mortos incluindo tr\u00eas socorristas\"><\/span><amp-img width=\"150\" height=\"150\" src=\"https:\/\/images.impresa.pt\/expresso\/2026-04-28-nabatieh12.jpeg-3c5ffc1f\/1.91x1\/mw-1200?outputFormat=jpeg\"><\/a><\/div><span class=\"title\"><a href=\"https:\/\/expresso.pt\/medio-oriente\/conflito\/2026-04-28-ataques-israelitas-no-libano-fazem-oito-mortos-incluindo-tres-socorristas-999880b5\" target=\"_blank\" rel=\" noopener\">Ataques israelitas no L\u00edbano fazem oito mortos incluindo tr\u00eas socorristas<\/a><\/span><div class=\"rss_content\" style=\"\"><p>Oito pessoas, entre elas tr\u00eas socorristas, foram mortas num ataque israelita no sul do L\u00edbano. Telavive diz ter destru\u00eddo um t\u00fanel do Hezbollah que amea\u00e7ava o norte de Israel<\/p><\/div><\/li><li  style=\"padding: 15px 0 25px\" class=\"rss_item\"><div class=\"rss_image\" style=\"width:150px; height:150px;\"><a href=\"https:\/\/expresso.pt\/reino-unido\/2026-04-28-congresso-dos-eua-ovaciona-carlos-iii-que-defendeu-multilateralismo-democracia-e-estado-de-direito-citando-dickens-wilde-e-lincoln-4f1adfef\" target=\"_blank\" rel=\" noopener\" title=\"Congresso dos EUA ovaciona Carlos III, que defendeu multilateralismo, democracia e Estado de Direito, citando Dickens, Wilde e Lincoln\" style=\"width:150px; height:150px;\"><span class=\"fetched\" style=\"background-image:  url('https:\/\/images.impresa.pt\/expresso\/2026-04-28-gettyimages-2273042168.jpg-046b498f\/1.91x1\/mw-1200?outputFormat=jpeg');\" title=\"Congresso dos EUA ovaciona Carlos III, que defendeu multilateralismo, democracia e Estado de Direito, citando Dickens, Wilde e Lincoln\"><\/span><amp-img width=\"150\" height=\"150\" src=\"https:\/\/images.impresa.pt\/expresso\/2026-04-28-gettyimages-2273042168.jpg-046b498f\/1.91x1\/mw-1200?outputFormat=jpeg\"><\/a><\/div><span class=\"title\"><a href=\"https:\/\/expresso.pt\/reino-unido\/2026-04-28-congresso-dos-eua-ovaciona-carlos-iii-que-defendeu-multilateralismo-democracia-e-estado-de-direito-citando-dickens-wilde-e-lincoln-4f1adfef\" target=\"_blank\" rel=\" noopener\">Congresso dos EUA ovaciona Carlos III, que defendeu multilateralismo, democracia e Estado de Direito, citando Dickens, Wilde e Lincoln<\/a><\/span><div class=\"rss_content\" style=\"\"><p>Num discurso com notas de humor e muitas evoca\u00e7\u00f5es hist\u00f3ricas, o monarca do Reino Unido deixou subtis recados ao seu anfitri\u00e3o, Donald Trump. Houve men\u00e7\u00e3o ao caso Epstein, um embara\u00e7o para ambos, e por isso muito obl\u00edqua<\/p><\/div><\/li><li  style=\"padding: 15px 0 25px\" class=\"rss_item\"><div class=\"rss_image\" style=\"width:150px; height:150px;\"><a href=\"https:\/\/expresso.pt\/economia\/2026-04-28-freguesias-terao-ligacoes-starlink-e-havera-mais-29-milhoes-para-o-siresp-conheca-as-medidas-do-ptrr-para-as-comunicacoes-a4324e79\" target=\"_blank\" rel=\" noopener\" title=\"Freguesias ter\u00e3o liga\u00e7\u00f5es Starlink e haver\u00e1 mais \u20ac29 milh\u00f5es para o SIRESP: conhe\u00e7a as medidas do PTRR para as comunica\u00e7\u00f5es\" style=\"width:150px; height:150px;\"><span class=\"fetched\" style=\"background-image:  url('https:\/\/images.impresa.pt\/expresso\/2024-12-02-starlink_t-_idp.jpg-831320d7\/1.91x1\/mw-1200?outputFormat=jpeg');\" title=\"Freguesias ter\u00e3o liga\u00e7\u00f5es Starlink e haver\u00e1 mais \u20ac29 milh\u00f5es para o SIRESP: conhe\u00e7a as medidas do PTRR para as comunica\u00e7\u00f5es\"><\/span><amp-img width=\"150\" height=\"150\" src=\"https:\/\/images.impresa.pt\/expresso\/2024-12-02-starlink_t-_idp.jpg-831320d7\/1.91x1\/mw-1200?outputFormat=jpeg\"><\/a><\/div><span class=\"title\"><a href=\"https:\/\/expresso.pt\/economia\/2026-04-28-freguesias-terao-ligacoes-starlink-e-havera-mais-29-milhoes-para-o-siresp-conheca-as-medidas-do-ptrr-para-as-comunicacoes-a4324e79\" target=\"_blank\" rel=\" noopener\">Freguesias ter\u00e3o liga\u00e7\u00f5es Starlink e haver\u00e1 mais \u20ac29 milh\u00f5es para o SIRESP: conhe\u00e7a as medidas do PTRR para as comunica\u00e7\u00f5es<\/a><\/span><div class=\"rss_content\" style=\"\"><p>O programa apresentado esta ter\u00e7a-feira pelo Governo prev\u00ea uma dezena de medidas, num total de \u20ac209 milh\u00f5es, para refor\u00e7ar de forma estrutural a capacidade de conectividade em situa\u00e7\u00f5es extremas<\/p><\/div><\/li><li  style=\"padding: 15px 0 25px\" class=\"rss_item\"><div class=\"rss_image\" style=\"width:150px; height:150px;\"><a href=\"https:\/\/expresso.pt\/governo\/2026-04-28-dos-22-mil-milhoes-do-ptrr-um-terco-vira-do-privado-mas-nao-se-sabe-de-onde--eis-a-longa-a-lista-de-investimentos-ate-2034--06b2335b\" target=\"_blank\" rel=\" noopener\" title=\"Dos \u20ac22 mil milh\u00f5es do PTRR, um ter\u00e7o vir\u00e1 do privado, mas n\u00e3o se sabe de onde (eis a longa a lista de investimentos at\u00e9 2034)\" style=\"width:150px; height:150px;\"><span class=\"fetched\" style=\"background-image:  url('https:\/\/images.impresa.pt\/expresso\/2026-04-28-apresentacao-do-ptrr-pelo-primeiro-ministro-luis-montenegro-no-pavilhao-de-portugal-fernando-alexandre-e-manuel-castro-almeida-01b36e9c\/1.91x1\/mw-1200?outputFormat=jpeg');\" title=\"Dos \u20ac22 mil milh\u00f5es do PTRR, um ter\u00e7o vir\u00e1 do privado, mas n\u00e3o se sabe de onde (eis a longa a lista de investimentos at\u00e9 2034)\"><\/span><amp-img width=\"150\" height=\"150\" src=\"https:\/\/images.impresa.pt\/expresso\/2026-04-28-apresentacao-do-ptrr-pelo-primeiro-ministro-luis-montenegro-no-pavilhao-de-portugal-fernando-alexandre-e-manuel-castro-almeida-01b36e9c\/1.91x1\/mw-1200?outputFormat=jpeg\"><\/a><\/div><span class=\"title\"><a href=\"https:\/\/expresso.pt\/governo\/2026-04-28-dos-22-mil-milhoes-do-ptrr-um-terco-vira-do-privado-mas-nao-se-sabe-de-onde--eis-a-longa-a-lista-de-investimentos-ate-2034--06b2335b\" target=\"_blank\" rel=\" noopener\">Dos \u20ac22 mil milh\u00f5es do PTRR, um ter\u00e7o vir\u00e1 do privado, mas n\u00e3o se sabe de onde (eis a longa a lista de investimentos at\u00e9 2034)<\/a><\/span><div class=\"rss_content\" style=\"\"><p>Documento entregue pelo Governo coloca sobre o setor privado boa parte do investimento necess\u00e1rio nos pr\u00f3ximos nove anos. Mas deixa para mais tarde a defini\u00e7\u00e3o precisa das fontes de financiamento de cada projeto. O que j\u00e1 se sabe dos muitos investimentos previstos [&hellip;]<\/p><\/div><\/li><li  style=\"padding: 15px 0 25px\" class=\"rss_item\"><div class=\"rss_image\" style=\"width:150px; height:150px;\"><a href=\"https:\/\/expresso.pt\/sociedade\/2026-04-28-operador-de-grua-resgatado-a-30-metros-na-parede-apos-avaria-f54a0d80\" target=\"_blank\" rel=\" noopener\" title=\"Operador de grua resgatado a 30 metros na Parede ap\u00f3s avaria\" style=\"width:150px; height:150px;\"><span class=\"fetched\" style=\"background-image:  url('https:\/\/images.impresa.pt\/expresso\/2026-01-28-ed9a7374_t-_idp.jpg-8b805a71\/1.91x1\/mw-1200?outputFormat=jpeg');\" title=\"Operador de grua resgatado a 30 metros na Parede ap\u00f3s avaria\"><\/span><amp-img width=\"150\" height=\"150\" src=\"https:\/\/images.impresa.pt\/expresso\/2026-01-28-ed9a7374_t-_idp.jpg-8b805a71\/1.91x1\/mw-1200?outputFormat=jpeg\"><\/a><\/div><span class=\"title\"><a href=\"https:\/\/expresso.pt\/sociedade\/2026-04-28-operador-de-grua-resgatado-a-30-metros-na-parede-apos-avaria-f54a0d80\" target=\"_blank\" rel=\" noopener\">Operador de grua resgatado a 30 metros na Parede ap\u00f3s avaria<\/a><\/span><div class=\"rss_content\" style=\"\"><p>Bombeiros da Parede resgataram esta ter\u00e7a\u2011feira um operador de grua a cerca de 30 metros de altura, depois de o trabalhador ter detetado uma avaria no equipamento<\/p><\/div><\/li><li  style=\"padding: 15px 0 25px\" class=\"rss_item\"><div class=\"rss_image\" style=\"width:150px; height:150px;\"><a href=\"https:\/\/expresso.pt\/revista\/fisga\/2026-04-28-queremos-jardins-para-correr-e-pensar-ou-para-decorar-os-dias--45c8439c\" target=\"_blank\" rel=\" noopener\" title=\"Queremos jardins para correr e pensar, ou para decorar os dias?\" style=\"width:150px; height:150px;\"><span class=\"fetched\" style=\"background-image:  url('https:\/\/images.impresa.pt\/expresso\/2026-04-27-w600.jpg-81f66660\/1.91x1\/mw-1200?outputFormat=jpeg');\" title=\"Queremos jardins para correr e pensar, ou para decorar os dias?\"><\/span><amp-img width=\"150\" height=\"150\" src=\"https:\/\/images.impresa.pt\/expresso\/2026-04-27-w600.jpg-81f66660\/1.91x1\/mw-1200?outputFormat=jpeg\"><\/a><\/div><span class=\"title\"><a href=\"https:\/\/expresso.pt\/revista\/fisga\/2026-04-28-queremos-jardins-para-correr-e-pensar-ou-para-decorar-os-dias--45c8439c\" target=\"_blank\" rel=\" noopener\">Queremos jardins para correr e pensar, ou para decorar os dias?<\/a><\/span><div class=\"rss_content\" style=\"\"><p>Em Bruxelas, este leite aleg\u00f3rico jorra de uma mama de mulher. Talvez se trate de Simonetta Vespucci, pintada talvez por Sandro Botticelli por volta de 1490. Na B\u00e9lgica e at\u00e9 14 de junho, a \u201cBellezza e Bruttezza\u201d (Beleza e Feiura) s\u00e3o tema de uma exposi\u00e7\u00e3o do [&hellip;]<\/p><\/div><\/li><li  style=\"padding: 15px 0 25px\" class=\"rss_item\"><div class=\"rss_image\" style=\"width:150px; height:150px;\"><a href=\"https:\/\/expresso.pt\/economia\/economia_energia\/2026-04-28-ptrr-promete-53-milhoes-para-rede-de-emergencia-de-veiculos-eletricos-3e46efd0\" target=\"_blank\" rel=\" noopener\" title=\"PTRR promete \u20ac53 milh\u00f5es para rede de emerg\u00eancia de ve\u00edculos el\u00e9tricos\" style=\"width:150px; height:150px;\"><span class=\"fetched\" style=\"background-image:  url('https:\/\/images.impresa.pt\/expresso\/2025-04-01-postos-de-carregamento-eletrico-5aaf60c4-1\/1.91x1\/mw-1200?outputFormat=jpeg');\" title=\"PTRR promete \u20ac53 milh\u00f5es para rede de emerg\u00eancia de ve\u00edculos el\u00e9tricos\"><\/span><amp-img width=\"150\" height=\"150\" src=\"https:\/\/images.impresa.pt\/expresso\/2025-04-01-postos-de-carregamento-eletrico-5aaf60c4-1\/1.91x1\/mw-1200?outputFormat=jpeg\"><\/a><\/div><span class=\"title\"><a href=\"https:\/\/expresso.pt\/economia\/economia_energia\/2026-04-28-ptrr-promete-53-milhoes-para-rede-de-emergencia-de-veiculos-eletricos-3e46efd0\" target=\"_blank\" rel=\" noopener\">PTRR promete \u20ac53 milh\u00f5es para rede de emerg\u00eancia de ve\u00edculos el\u00e9tricos<\/a><\/span><div class=\"rss_content\" style=\"\"><p>Programa apresentado esta ter\u00e7a-feira pelo Governo prev\u00ea, entre 2027 e 2029, a realiza\u00e7\u00e3o de um teste de stress ao sistema energ\u00e9tico e aponta investimentos em armazenamento h\u00eddrico, baterias e comunidades de energia<\/p><\/div><\/li><\/ul> <\/div><style type=\"text\/css\" media=\"all\">.feedzy-rss .rss_item .rss_image{float:left;position:relative;border:none;text-decoration:none;max-width:100%}.feedzy-rss .rss_item .rss_image span{display:inline-block;position:absolute;width:100%;height:100%;background-position:50%;background-size:cover}.feedzy-rss .rss_item .rss_image{margin:.3em 1em 0 0;content-visibility:auto}.feedzy-rss ul{list-style:none}.feedzy-rss ul li{display:inline-block}<\/style><\/div>\n<div class=\"box-rev\"><\/div>\n<\/div>\n<\/div>\n<div class=\"box-rev\" style=\"margin-bottom: 37px;\"><a title=\"Montres pour Homme &amp; Femme\" href=\"https:\/\/123boutique.eu\/watches-montres\/page\/2\/\"><img decoding=\"async\" class=\"aligncenter\" style=\"width: 100%;\" src=\"https:\/\/www.culturalusa.com\/news\/wp-content\/uploads\/2021\/06\/montres-luxe.jpg\" alt=\"\" \/><\/a><\/div>\n","protected":false},"excerpt":{"rendered":"<p>Universo 3D &#8211; Bal\u00e9 EspacialUma pequena viagem a bordo da Esta\u00e7\u00e3o Espacial Internacional a 350 km da superf\u00edcie terrestre. Para ser visto em pleno ecr\u00e3 e com o som no m\u00e1ximo. M\u00fasica: Adagio in D Minor (John Murphy) &#8211; do filme &#8220;Sunshine &#8211; Alerta Solar&#8221;<\/p>\n","protected":false},"author":1,"featured_media":0,"parent":0,"menu_order":0,"comment_status":"closed","ping_status":"closed","template":"","meta":{"footnotes":""},"class_list":["post-240","page","type-page","status-publish","hentry"],"aioseo_notices":[],"_links":{"self":[{"href":"https:\/\/www.culturalusa.info\/videos\/wp-json\/wp\/v2\/pages\/240"}],"collection":[{"href":"https:\/\/www.culturalusa.info\/videos\/wp-json\/wp\/v2\/pages"}],"about":[{"href":"https:\/\/www.culturalusa.info\/videos\/wp-json\/wp\/v2\/types\/page"}],"author":[{"embeddable":true,"href":"https:\/\/www.culturalusa.info\/videos\/wp-json\/wp\/v2\/users\/1"}],"replies":[{"embeddable":true,"href":"https:\/\/www.culturalusa.info\/videos\/wp-json\/wp\/v2\/comments?post=240"}],"version-history":[{"count":43,"href":"https:\/\/www.culturalusa.info\/videos\/wp-json\/wp\/v2\/pages\/240\/revisions"}],"predecessor-version":[{"id":797,"href":"https:\/\/www.culturalusa.info\/videos\/wp-json\/wp\/v2\/pages\/240\/revisions\/797"}],"wp:attachment":[{"href":"https:\/\/www.culturalusa.info\/videos\/wp-json\/wp\/v2\/media?parent=240"}],"curies":[{"name":"wp","href":"https:\/\/api.w.org\/{rel}","templated":true}]}}